{"id":357,"date":"2018-12-26T12:44:41","date_gmt":"2018-12-26T11:44:41","guid":{"rendered":"http:\/\/www.baerenfunk.de\/?post_type=tribe_events&#038;p=357"},"modified":"2019-04-01T20:32:45","modified_gmt":"2019-04-01T19:32:45","slug":"funk-tag-kassel","status":"publish","type":"tribe_events","link":"https:\/\/www.baerenfunk.de\/index.php\/event\/funk-tag-kassel\/","title":{"rendered":"Fahrt zum Funk Tag Kassel"},"content":{"rendered":"<p>Hallo &#8211; wir bieten zum 6. April Mitfahrgelegenheit nach Kassel zum Funktag und zur\u00fcck. Wer mitfahren m\u00f6chte, der registriere sich bitte hier f\u00fcr die Fahrt nach Kassel. Alles weitere\u00a0 erfolgt per email, telegram oder whatsapp&#8230;<\/p>\n","protected":false},"excerpt":{"rendered":"<p>Hallo &#8211; wir bieten zum 6. April Mitfahrgelegenheit nach Kassel zum Funktag und zur\u00fcck. Wer mitfahren m\u00f6chte, der registriere sich bitte hier f\u00fcr die Fahrt nach Kassel. Alles weitere\u00a0 erfolgt &hellip; <\/p>\n<p class=\"link-more\"><a href=\"https:\/\/www.baerenfunk.de\/index.php\/event\/funk-tag-kassel\/\" class=\"more-link\"><span class=\"screen-reader-text\">\u201eFahrt zum Funk Tag Kassel\u201c<\/span> weiterlesen<\/a><\/p>\n","protected":false},"author":1,"featured_media":0,"comment_status":"closed","ping_status":"closed","template":"","meta":{"_tribe_events_status":"","_tribe_events_status_reason":""},"tags":[],"tribe_events_cat":[47],"_links":{"self":[{"href":"https:\/\/www.baerenfunk.de\/index.php\/wp-json\/wp\/v2\/tribe_events\/357"}],"collection":[{"href":"https:\/\/www.baerenfunk.de\/index.php\/wp-json\/wp\/v2\/tribe_events"}],"about":[{"href":"https:\/\/www.baerenfunk.de\/index.php\/wp-json\/wp\/v2\/types\/tribe_events"}],"author":[{"embeddable":true,"href":"https:\/\/www.baerenfunk.de\/index.php\/wp-json\/wp\/v2\/users\/1"}],"replies":[{"embeddable":true,"href":"https:\/\/www.baerenfunk.de\/index.php\/wp-json\/wp\/v2\/comments?post=357"}],"version-history":[{"count":4,"href":"https:\/\/www.baerenfunk.de\/index.php\/wp-json\/wp\/v2\/tribe_events\/357\/revisions"}],"predecessor-version":[{"id":848,"href":"https:\/\/www.baerenfunk.de\/index.php\/wp-json\/wp\/v2\/tribe_events\/357\/revisions\/848"}],"wp:attachment":[{"href":"https:\/\/www.baerenfunk.de\/index.php\/wp-json\/wp\/v2\/media?parent=357"}],"wp:term":[{"taxonomy":"post_tag","embeddable":true,"href":"https:\/\/www.baerenfunk.de\/index.php\/wp-json\/wp\/v2\/tags?post=357"},{"taxonomy":"tribe_events_cat","embeddable":true,"href":"https:\/\/www.baerenfunk.de\/index.php\/wp-json\/wp\/v2\/tribe_events_cat?post=357"}],"curies":[{"name":"wp","href":"https:\/\/api.w.org\/{rel}","templated":true}]}}