{"id":2576,"date":"2024-03-29T12:48:58","date_gmt":"2024-03-29T11:48:58","guid":{"rendered":"https:\/\/www.baerenfunk.de\/?post_type=tribe_events&#038;p=2576"},"modified":"2024-03-29T12:48:58","modified_gmt":"2024-03-29T11:48:58","slug":"fruehlingsfieldday-2024","status":"publish","type":"tribe_events","link":"https:\/\/www.baerenfunk.de\/index.php\/event\/fruehlingsfieldday-2024\/","title":{"rendered":"Fr\u00fchlingsfieldday 2024"},"content":{"rendered":"<p>Unserer &#8220; Regenfieldday &#8220;\u00a0 findet vom 12. bis 14. am Humboldtsee.\u00a0 Wir sind schon f\u00fcr die Wiese vorgemeldet. Diesmal w\u00e4re eine Wagenburg ganz hinten am Zaun gut, damit wir genug Platz f\u00fcr die Antennen haben!<br \/>\nBitte meldet Euch direkt beim Campingplatz an. Die Anmeldung hier dient dem Versicherungsschutz \u00fcber die Versicherung des DARC e.V.<\/p>\n","protected":false},"excerpt":{"rendered":"<p>Unserer &#8220; Regenfieldday &#8220;\u00a0 findet vom 12. bis 14. am Humboldtsee.\u00a0 Wir sind schon f\u00fcr die Wiese vorgemeldet. Diesmal w\u00e4re eine Wagenburg ganz hinten am Zaun gut, damit wir genug &hellip; <\/p>\n<p class=\"link-more\"><a href=\"https:\/\/www.baerenfunk.de\/index.php\/event\/fruehlingsfieldday-2024\/\" class=\"more-link\"><span class=\"screen-reader-text\">\u201eFr\u00fchlingsfieldday 2024\u201c<\/span> weiterlesen<\/a><\/p>\n","protected":false},"author":1,"featured_media":0,"comment_status":"closed","ping_status":"closed","template":"","meta":{"_tribe_events_status":"","_tribe_events_status_reason":""},"tags":[],"tribe_events_cat":[],"_links":{"self":[{"href":"https:\/\/www.baerenfunk.de\/index.php\/wp-json\/wp\/v2\/tribe_events\/2576"}],"collection":[{"href":"https:\/\/www.baerenfunk.de\/index.php\/wp-json\/wp\/v2\/tribe_events"}],"about":[{"href":"https:\/\/www.baerenfunk.de\/index.php\/wp-json\/wp\/v2\/types\/tribe_events"}],"author":[{"embeddable":true,"href":"https:\/\/www.baerenfunk.de\/index.php\/wp-json\/wp\/v2\/users\/1"}],"replies":[{"embeddable":true,"href":"https:\/\/www.baerenfunk.de\/index.php\/wp-json\/wp\/v2\/comments?post=2576"}],"version-history":[{"count":1,"href":"https:\/\/www.baerenfunk.de\/index.php\/wp-json\/wp\/v2\/tribe_events\/2576\/revisions"}],"predecessor-version":[{"id":2577,"href":"https:\/\/www.baerenfunk.de\/index.php\/wp-json\/wp\/v2\/tribe_events\/2576\/revisions\/2577"}],"wp:attachment":[{"href":"https:\/\/www.baerenfunk.de\/index.php\/wp-json\/wp\/v2\/media?parent=2576"}],"wp:term":[{"taxonomy":"post_tag","embeddable":true,"href":"https:\/\/www.baerenfunk.de\/index.php\/wp-json\/wp\/v2\/tags?post=2576"},{"taxonomy":"tribe_events_cat","embeddable":true,"href":"https:\/\/www.baerenfunk.de\/index.php\/wp-json\/wp\/v2\/tribe_events_cat?post=2576"}],"curies":[{"name":"wp","href":"https:\/\/api.w.org\/{rel}","templated":true}]}}